{"id":472,"date":"2021-06-29T11:17:09","date_gmt":"2021-06-29T11:17:09","guid":{"rendered":"https:\/\/sites.ordredemaltesuisse.org\/shoms\/?p=472"},"modified":"2024-02-27T21:25:26","modified_gmt":"2024-02-27T20:25:26","slug":"pilgerfahrt-nach-lourdes","status":"publish","type":"page","link":"https:\/\/shoms.ch\/de\/aktivitaeten\/pilgerfahrt-nach-lourdes\/","title":{"rendered":"Pilgerfahrt nach Lourdes"},"content":{"rendered":"<!--themify_builder_content-->\n<div id=\"themify_builder_content-472\" data-postid=\"472\" class=\"themify_builder_content themify_builder_content-472 themify_builder tf_clear\">\n                    <div  data-lazy=\"1\" class=\"module_row themify_builder_row tb_9446279 tb_first tf_w\">\n                        <div class=\"row_inner col_align_top tb_col_count_1 tf_box tf_rel\">\n                        <div  data-lazy=\"1\" class=\"module_column tb-column col-full tb_jkqc279 first\">\n                    <!-- module text -->\n<div  class=\"module module-text tb_rdzw163   \" data-lazy=\"1\">\n        <div  class=\"tb_text_wrap\">\n        <p>Jedes Jahr nimmt die SHOMS an der internationalen Pilgerfahrt des Malteserordens nach Lourdes teil. \u00dcber 6500 Mitglieder und Begleiter sowie 1300 behinderte Pilger aus 33 L\u00e4ndern kommen f\u00fcr einige Tage in Lourdes zusammen, um im Geiste des Ordens zu beten und Momente der Geselligkeit zu teilen. Es ist auch eine Gelegenheit, die beiden Mottos des Ordens, Obsequium pauperum und Tuitio fidei, anzuwenden, sich in den Dienst des anderen zu stellen und den christlichen Glauben zu bezeugen.<\/p>\n<p><strong>Pilgerfahrt nach Lourdes 2024:<\/strong><\/p>\n<p>Die Lourdes-Pilgerreise wird von Freitag, dem 3. bis Dienstag, dem 7. Mai 2024 stattfinden. Wir werden wieder mit dem Flugzeug reisen. Die Abfl\u00fcge werden jeweils am Freitag von den Flugh\u00e4fen Z\u00fcrich und Genf erfolgen. Der genaue Zeitplan wird den Teilnehmern schriftlich mitgeteilt. Die Transfers zu und von den Flugh\u00e4fen werden von den einzelnen Sektionen organisiert. Von Z\u00fcrich-Kloten aus starten die Sektionen Basel, Bern, Ostschweiz, Solothurn, Zentralschweiz, Z\u00fcrich und Tessin. Von Genf aus werden die Sektionen Freiburg, Genf, Lausanne, Wallis und Neuch\u00e2tel starten. Wie jedes Jahr werden unsere Kranken im Accueil St. Frai untergebracht. Wir haben keine Krankengruppen, die in Hotels untergebracht sind. Das B\u00fcro in Lourdes wird Ihnen ab Anfang 2023 alle Informationen \u00fcber die Pilgerreise zusenden. Wir z\u00e4hlen auf Ihre zahlreiche Teilnahme an dieser wesentlichen Verpflichtung unseres Hospitaldienstes.<\/p>\n<p>Diese Pilgerfahrt ist der H\u00f6hepunkt des Engagements der SHOMS, sowohl f\u00fcr ihre Mitglieder als auch f\u00fcr die eingeladenen Pilger.<\/p>    <\/div>\n<\/div>\n<!-- \/module text -->        <\/div>\n                        <\/div>\n        <\/div>\n                        <div  data-lazy=\"1\" class=\"module_row themify_builder_row tb_iolq468 tf_w\">\n                        <div class=\"row_inner col_align_top tb_col_count_3 tf_box tf_rel\">\n                        <div  data-lazy=\"1\" class=\"module_column tb-column col3-1 tb_s39d469 first\">\n                    <!-- module image -->\n<div  class=\"module module-image tb_uf0o715 image-top   tf_mw\" data-lazy=\"1\">\n        <div class=\"image-wrap tf_rel tf_mw\">\n            <img decoding=\"async\" src=\"https:\/\/sites.ordredemaltesuisse.org\/shoms\/wp-content\/uploads\/sites\/11\/2021\/06\/DSCN0573_0-scaled.jpg\" title=\"Pilgerfahrt nach Lourdes\" alt=\"Pilgerfahrt nach Lourdes\">    \n        <\/div>\n    <!-- \/image-wrap -->\n    \n        <\/div>\n<!-- \/module image -->        <\/div>\n                    <div  data-lazy=\"1\" class=\"module_column tb-column col3-1 tb_0u36469\">\n                    <!-- module image -->\n<div  class=\"module module-image tb_jpfa274 image-top   tf_mw\" data-lazy=\"1\">\n        <div class=\"image-wrap tf_rel tf_mw\">\n            <img loading=\"lazy\" decoding=\"async\" src=\"https:\/\/sites.ordredemaltesuisse.org\/shoms\/wp-content\/uploads\/sites\/11\/2021\/06\/IMG_0563_0.jpg\" width=\"2048\" height=\"1536\" title=\"Pilgerfahrt nach Lourdes\" alt=\"Pilgerfahrt nach Lourdes\">    \n        <\/div>\n    <!-- \/image-wrap -->\n    \n        <\/div>\n<!-- \/module image -->        <\/div>\n                    <div  data-lazy=\"1\" class=\"module_column tb-column col3-1 tb_3gag470 last\">\n                    <!-- module image -->\n<div  class=\"module module-image tb_wj81332 image-top   tf_mw\" data-lazy=\"1\">\n        <div class=\"image-wrap tf_rel tf_mw\">\n            <img loading=\"lazy\" decoding=\"async\" src=\"https:\/\/sites.ordredemaltesuisse.org\/shoms\/wp-content\/uploads\/sites\/11\/2021\/06\/Lourdes11IMG_7360_0.jpg\" width=\"466\" height=\"350\" title=\"Pilgerfahrt nach Lourdes\" alt=\"Pilgerfahrt nach Lourdes\">    \n        <\/div>\n    <!-- \/image-wrap -->\n    \n        <\/div>\n<!-- \/module image -->        <\/div>\n                        <\/div>\n        <\/div>\n        <\/div>\n<!--\/themify_builder_content-->","protected":false},"excerpt":{"rendered":"<p>Jedes Jahr nimmt die SHOMS an der internationalen Pilgerfahrt des Malteserordens nach Lourdes teil. \u00dcber 6500 Mitglieder und Begleiter sowie 1300 behinderte Pilger aus 33 L\u00e4ndern kommen f\u00fcr einige Tage in Lourdes zusammen, um im Geiste des Ordens zu beten und Momente der Geselligkeit zu teilen. Es ist auch eine Gelegenheit, die beiden Mottos des [&hellip;]<\/p>\n","protected":false},"author":16,"featured_media":473,"parent":34,"menu_order":0,"comment_status":"closed","ping_status":"closed","template":"","meta":{"inline_featured_image":false,"footnotes":""},"class_list":["post-472","page","type-page","status-publish","has-post-thumbnail","hentry","has-post-title","has-post-date","has-post-category","has-post-tag","has-post-comment","has-post-author",""],"yoast_head":"<!-- This site is optimized with the Yoast SEO plugin v27.5 - https:\/\/yoast.com\/product\/yoast-seo-wordpress\/ -->\n<title>Pilgerfahrt nach Lourdes - Shoms.ch<\/title>\n<meta name=\"robots\" content=\"index, follow, max-snippet:-1, max-image-preview:large, max-video-preview:-1\" \/>\n<link rel=\"canonical\" href=\"https:\/\/shoms.ch\/de\/aktivitaeten\/pilgerfahrt-nach-lourdes\/\" \/>\n<meta property=\"og:locale\" content=\"de_DE\" \/>\n<meta property=\"og:type\" content=\"article\" \/>\n<meta property=\"og:title\" content=\"Pilgerfahrt nach Lourdes - Shoms.ch\" \/>\n<meta property=\"og:description\" content=\"Jedes Jahr nimmt die SHOMS an der internationalen Pilgerfahrt des Malteserordens nach Lourdes teil. \u00dcber 6500 Mitglieder und Begleiter sowie 1300 behinderte Pilger aus 33 L\u00e4ndern kommen f\u00fcr einige Tage in Lourdes zusammen, um im Geiste des Ordens zu beten und Momente der Geselligkeit zu teilen. Es ist auch eine Gelegenheit, die beiden Mottos des [&hellip;]\" \/>\n<meta property=\"og:url\" content=\"https:\/\/shoms.ch\/de\/aktivitaeten\/pilgerfahrt-nach-lourdes\/\" \/>\n<meta property=\"og:site_name\" content=\"Shoms.ch\" \/>\n<meta property=\"article:modified_time\" content=\"2024-02-27T20:25:26+00:00\" \/>\n<meta property=\"og:image\" content=\"https:\/\/shoms.ch\/wp-content\/uploads\/sites\/11\/2021\/06\/DSCN0502_1.jpg\" \/>\n\t<meta property=\"og:image:width\" content=\"1440\" \/>\n\t<meta property=\"og:image:height\" content=\"651\" \/>\n\t<meta property=\"og:image:type\" content=\"image\/jpeg\" \/>\n<meta name=\"twitter:card\" content=\"summary_large_image\" \/>\n<meta name=\"twitter:label1\" content=\"Gesch\u00e4tzte Lesezeit\" \/>\n\t<meta name=\"twitter:data1\" content=\"4\u00a0Minuten\" \/>\n<script type=\"application\/ld+json\" class=\"yoast-schema-graph\">{\"@context\":\"https:\\\/\\\/schema.org\",\"@graph\":[{\"@type\":\"WebPage\",\"@id\":\"https:\\\/\\\/shoms.ch\\\/de\\\/aktivitaeten\\\/pilgerfahrt-nach-lourdes\\\/\",\"url\":\"https:\\\/\\\/shoms.ch\\\/de\\\/aktivitaeten\\\/pilgerfahrt-nach-lourdes\\\/\",\"name\":\"Pilgerfahrt nach Lourdes - Shoms.ch\",\"isPartOf\":{\"@id\":\"https:\\\/\\\/shoms.ch\\\/it\\\/#website\"},\"primaryImageOfPage\":{\"@id\":\"https:\\\/\\\/shoms.ch\\\/de\\\/aktivitaeten\\\/pilgerfahrt-nach-lourdes\\\/#primaryimage\"},\"image\":{\"@id\":\"https:\\\/\\\/shoms.ch\\\/de\\\/aktivitaeten\\\/pilgerfahrt-nach-lourdes\\\/#primaryimage\"},\"thumbnailUrl\":\"https:\\\/\\\/shoms.ch\\\/wp-content\\\/uploads\\\/sites\\\/11\\\/2021\\\/06\\\/DSCN0502_1.jpg\",\"datePublished\":\"2021-06-29T11:17:09+00:00\",\"dateModified\":\"2024-02-27T20:25:26+00:00\",\"breadcrumb\":{\"@id\":\"https:\\\/\\\/shoms.ch\\\/de\\\/aktivitaeten\\\/pilgerfahrt-nach-lourdes\\\/#breadcrumb\"},\"inLanguage\":\"de\",\"potentialAction\":[{\"@type\":\"ReadAction\",\"target\":[\"https:\\\/\\\/shoms.ch\\\/de\\\/aktivitaeten\\\/pilgerfahrt-nach-lourdes\\\/\"]}]},{\"@type\":\"ImageObject\",\"inLanguage\":\"de\",\"@id\":\"https:\\\/\\\/shoms.ch\\\/de\\\/aktivitaeten\\\/pilgerfahrt-nach-lourdes\\\/#primaryimage\",\"url\":\"https:\\\/\\\/shoms.ch\\\/wp-content\\\/uploads\\\/sites\\\/11\\\/2021\\\/06\\\/DSCN0502_1.jpg\",\"contentUrl\":\"https:\\\/\\\/shoms.ch\\\/wp-content\\\/uploads\\\/sites\\\/11\\\/2021\\\/06\\\/DSCN0502_1.jpg\",\"width\":1440,\"height\":651},{\"@type\":\"BreadcrumbList\",\"@id\":\"https:\\\/\\\/shoms.ch\\\/de\\\/aktivitaeten\\\/pilgerfahrt-nach-lourdes\\\/#breadcrumb\",\"itemListElement\":[{\"@type\":\"ListItem\",\"position\":1,\"name\":\"Startseite\",\"item\":\"https:\\\/\\\/shoms.ch\\\/de\\\/\"},{\"@type\":\"ListItem\",\"position\":2,\"name\":\"Aktivit\u00e4ten\",\"item\":\"https:\\\/\\\/shoms.ch\\\/de\\\/aktivitaeten\\\/\"},{\"@type\":\"ListItem\",\"position\":3,\"name\":\"Pilgerfahrt nach Lourdes\"}]},{\"@type\":\"WebSite\",\"@id\":\"https:\\\/\\\/shoms.ch\\\/it\\\/#website\",\"url\":\"https:\\\/\\\/shoms.ch\\\/it\\\/\",\"name\":\"Shoms.ch\",\"description\":\"MALTESER HOSPITALDIENST SCHWEIZ (MHDS)\",\"potentialAction\":[{\"@type\":\"SearchAction\",\"target\":{\"@type\":\"EntryPoint\",\"urlTemplate\":\"https:\\\/\\\/shoms.ch\\\/it\\\/?s={search_term_string}\"},\"query-input\":{\"@type\":\"PropertyValueSpecification\",\"valueRequired\":true,\"valueName\":\"search_term_string\"}}],\"inLanguage\":\"de\"}]}<\/script>\n<!-- \/ Yoast SEO plugin. -->","yoast_head_json":{"title":"Pilgerfahrt nach Lourdes - Shoms.ch","robots":{"index":"index","follow":"follow","max-snippet":"max-snippet:-1","max-image-preview":"max-image-preview:large","max-video-preview":"max-video-preview:-1"},"canonical":"https:\/\/shoms.ch\/de\/aktivitaeten\/pilgerfahrt-nach-lourdes\/","og_locale":"de_DE","og_type":"article","og_title":"Pilgerfahrt nach Lourdes - Shoms.ch","og_description":"Jedes Jahr nimmt die SHOMS an der internationalen Pilgerfahrt des Malteserordens nach Lourdes teil. \u00dcber 6500 Mitglieder und Begleiter sowie 1300 behinderte Pilger aus 33 L\u00e4ndern kommen f\u00fcr einige Tage in Lourdes zusammen, um im Geiste des Ordens zu beten und Momente der Geselligkeit zu teilen. Es ist auch eine Gelegenheit, die beiden Mottos des [&hellip;]","og_url":"https:\/\/shoms.ch\/de\/aktivitaeten\/pilgerfahrt-nach-lourdes\/","og_site_name":"Shoms.ch","article_modified_time":"2024-02-27T20:25:26+00:00","og_image":[{"width":1440,"height":651,"url":"https:\/\/shoms.ch\/wp-content\/uploads\/sites\/11\/2021\/06\/DSCN0502_1.jpg","type":"image\/jpeg"}],"twitter_card":"summary_large_image","twitter_misc":{"Gesch\u00e4tzte Lesezeit":"4\u00a0Minuten"},"schema":{"@context":"https:\/\/schema.org","@graph":[{"@type":"WebPage","@id":"https:\/\/shoms.ch\/de\/aktivitaeten\/pilgerfahrt-nach-lourdes\/","url":"https:\/\/shoms.ch\/de\/aktivitaeten\/pilgerfahrt-nach-lourdes\/","name":"Pilgerfahrt nach Lourdes - Shoms.ch","isPartOf":{"@id":"https:\/\/shoms.ch\/it\/#website"},"primaryImageOfPage":{"@id":"https:\/\/shoms.ch\/de\/aktivitaeten\/pilgerfahrt-nach-lourdes\/#primaryimage"},"image":{"@id":"https:\/\/shoms.ch\/de\/aktivitaeten\/pilgerfahrt-nach-lourdes\/#primaryimage"},"thumbnailUrl":"https:\/\/shoms.ch\/wp-content\/uploads\/sites\/11\/2021\/06\/DSCN0502_1.jpg","datePublished":"2021-06-29T11:17:09+00:00","dateModified":"2024-02-27T20:25:26+00:00","breadcrumb":{"@id":"https:\/\/shoms.ch\/de\/aktivitaeten\/pilgerfahrt-nach-lourdes\/#breadcrumb"},"inLanguage":"de","potentialAction":[{"@type":"ReadAction","target":["https:\/\/shoms.ch\/de\/aktivitaeten\/pilgerfahrt-nach-lourdes\/"]}]},{"@type":"ImageObject","inLanguage":"de","@id":"https:\/\/shoms.ch\/de\/aktivitaeten\/pilgerfahrt-nach-lourdes\/#primaryimage","url":"https:\/\/shoms.ch\/wp-content\/uploads\/sites\/11\/2021\/06\/DSCN0502_1.jpg","contentUrl":"https:\/\/shoms.ch\/wp-content\/uploads\/sites\/11\/2021\/06\/DSCN0502_1.jpg","width":1440,"height":651},{"@type":"BreadcrumbList","@id":"https:\/\/shoms.ch\/de\/aktivitaeten\/pilgerfahrt-nach-lourdes\/#breadcrumb","itemListElement":[{"@type":"ListItem","position":1,"name":"Startseite","item":"https:\/\/shoms.ch\/de\/"},{"@type":"ListItem","position":2,"name":"Aktivit\u00e4ten","item":"https:\/\/shoms.ch\/de\/aktivitaeten\/"},{"@type":"ListItem","position":3,"name":"Pilgerfahrt nach Lourdes"}]},{"@type":"WebSite","@id":"https:\/\/shoms.ch\/it\/#website","url":"https:\/\/shoms.ch\/it\/","name":"Shoms.ch","description":"MALTESER HOSPITALDIENST SCHWEIZ (MHDS)","potentialAction":[{"@type":"SearchAction","target":{"@type":"EntryPoint","urlTemplate":"https:\/\/shoms.ch\/it\/?s={search_term_string}"},"query-input":{"@type":"PropertyValueSpecification","valueRequired":true,"valueName":"search_term_string"}}],"inLanguage":"de"}]}},"builder_content":"<p>Jedes Jahr nimmt die SHOMS an der internationalen Pilgerfahrt des Malteserordens nach Lourdes teil. \u00dcber 6500 Mitglieder und Begleiter sowie 1300 behinderte Pilger aus 33 L\u00e4ndern kommen f\u00fcr einige Tage in Lourdes zusammen, um im Geiste des Ordens zu beten und Momente der Geselligkeit zu teilen. Es ist auch eine Gelegenheit, die beiden Mottos des Ordens, Obsequium pauperum und Tuitio fidei, anzuwenden, sich in den Dienst des anderen zu stellen und den christlichen Glauben zu bezeugen.<\/p> <p><strong>Pilgerfahrt nach Lourdes 2024:<\/strong><\/p> <p>Die Lourdes-Pilgerreise wird von Freitag, dem 3. bis Dienstag, dem 7. Mai 2024 stattfinden. Wir werden wieder mit dem Flugzeug reisen. Die Abfl\u00fcge werden jeweils am Freitag von den Flugh\u00e4fen Z\u00fcrich und Genf erfolgen. Der genaue Zeitplan wird den Teilnehmern schriftlich mitgeteilt. Die Transfers zu und von den Flugh\u00e4fen werden von den einzelnen Sektionen organisiert. Von Z\u00fcrich-Kloten aus starten die Sektionen Basel, Bern, Ostschweiz, Solothurn, Zentralschweiz, Z\u00fcrich und Tessin. Von Genf aus werden die Sektionen Freiburg, Genf, Lausanne, Wallis und Neuch\u00e2tel starten. Wie jedes Jahr werden unsere Kranken im Accueil St. Frai untergebracht. Wir haben keine Krankengruppen, die in Hotels untergebracht sind. Das B\u00fcro in Lourdes wird Ihnen ab Anfang 2023 alle Informationen \u00fcber die Pilgerreise zusenden. Wir z\u00e4hlen auf Ihre zahlreiche Teilnahme an dieser wesentlichen Verpflichtung unseres Hospitaldienstes.<\/p> <p>Diese Pilgerfahrt ist der H\u00f6hepunkt des Engagements der SHOMS, sowohl f\u00fcr ihre Mitglieder als auch f\u00fcr die eingeladenen Pilger.<\/p>\n<img src=\"https:\/\/sites.ordredemaltesuisse.org\/shoms\/wp-content\/uploads\/sites\/11\/2021\/06\/DSCN0573_0-scaled.jpg\" title=\"Pilgerfahrt nach Lourdes\" alt=\"Pilgerfahrt nach Lourdes\">\n<img src=\"https:\/\/sites.ordredemaltesuisse.org\/shoms\/wp-content\/uploads\/sites\/11\/2021\/06\/IMG_0563_0.jpg\" width=\"2048\" height=\"1536\" title=\"Pilgerfahrt nach Lourdes\" alt=\"Pilgerfahrt nach Lourdes\">\n<img src=\"https:\/\/sites.ordredemaltesuisse.org\/shoms\/wp-content\/uploads\/sites\/11\/2021\/06\/Lourdes11IMG_7360_0.jpg\" width=\"466\" height=\"350\" title=\"Pilgerfahrt nach Lourdes\" alt=\"Pilgerfahrt nach Lourdes\">","_links":{"self":[{"href":"https:\/\/shoms.ch\/de\/wp-json\/wp\/v2\/pages\/472","targetHints":{"allow":["GET"]}}],"collection":[{"href":"https:\/\/shoms.ch\/de\/wp-json\/wp\/v2\/pages"}],"about":[{"href":"https:\/\/shoms.ch\/de\/wp-json\/wp\/v2\/types\/page"}],"author":[{"embeddable":true,"href":"https:\/\/shoms.ch\/de\/wp-json\/wp\/v2\/users\/16"}],"replies":[{"embeddable":true,"href":"https:\/\/shoms.ch\/de\/wp-json\/wp\/v2\/comments?post=472"}],"version-history":[{"count":16,"href":"https:\/\/shoms.ch\/de\/wp-json\/wp\/v2\/pages\/472\/revisions"}],"predecessor-version":[{"id":3770,"href":"https:\/\/shoms.ch\/de\/wp-json\/wp\/v2\/pages\/472\/revisions\/3770"}],"up":[{"embeddable":true,"href":"https:\/\/shoms.ch\/de\/wp-json\/wp\/v2\/pages\/34"}],"wp:featuredmedia":[{"embeddable":true,"href":"https:\/\/shoms.ch\/de\/wp-json\/wp\/v2\/media\/473"}],"wp:attachment":[{"href":"https:\/\/shoms.ch\/de\/wp-json\/wp\/v2\/media?parent=472"}],"curies":[{"name":"wp","href":"https:\/\/api.w.org\/{rel}","templated":true}]}}