{"id":520,"date":"2021-06-29T11:42:44","date_gmt":"2021-06-29T11:42:44","guid":{"rendered":"https:\/\/sites.ordredemaltesuisse.org\/shoms\/?page_id=520"},"modified":"2025-03-11T11:34:11","modified_gmt":"2025-03-11T10:34:11","slug":"sektionen","status":"publish","type":"page","link":"https:\/\/shoms.ch\/de\/sektionen\/","title":{"rendered":"Sektionen"},"content":{"rendered":"<!--themify_builder_content-->\n<div id=\"themify_builder_content-520\" data-postid=\"520\" class=\"themify_builder_content themify_builder_content-520 themify_builder tf_clear\">\n                    <div  data-lazy=\"1\" class=\"module_row themify_builder_row tb_4ala702 tb_first tf_w\">\n                        <div class=\"row_inner col_align_top tb_col_count_1 tf_box tf_rel\">\n                        <div  data-lazy=\"1\" class=\"module_column tb-column col-full tb_xw7m702 first\">\n                    <!-- module text -->\n<div  class=\"module module-text tb_dpch773   \" data-lazy=\"1\">\n        <div  class=\"tb_text_wrap\">\n        <div class=\"panel-pane pane-entity-view pane-node\">\n<div class=\"pane-content\">\n<article id=\"node-14\" class=\"node node-seite view-mode-full\">\n<div class=\"body field\">\n<article>\n<p>Im Geiste des Ordens wollen die Mitglieder der SHOMS den Auftrag \u201eObsequium pauperum\u201c leben, d.h. als Christinnen und Christen benachteiligte, kranke und behinderte Menschen in ihrem Umfeld ehrenamtlich begleiten und unterst\u00fctzen.<\/p>\n<\/article>\n<article>\n<p>In der ganzen Schweiz engagieren sich unsere Sektionen im Dienste verschiedener Aktivit\u00e4ten, wie z.B. :<\/p>\n<ul>\n<li>Begleitung, Besuche und Dienste f\u00fcr \u00e4ltere, kranke und behinderte Menschen.<\/li>\n<li>Seelsorge in Institutionen, Krankenh\u00e4usern und auf der Stra\u00dfe.<\/li>\n<li>Verteilung von Lebensmitteln, Betreuung von Obdachlosen und Fl\u00fcchtlingen.<\/li>\n<li>Aktivit\u00e4ten f\u00fcr Kranke, Alte, Menschen auf der Stra\u00dfe und Bed\u00fcrftige.<\/li>\n<\/ul>\n<p>Erfahren Sie mehr \u00fcber unsere Sektionen und ihre Aktivit\u00e4ten :<\/p>\n<\/article>\n<article>\n<p>\u00a0<\/p>\n<\/article>\n<\/div>\n<\/article>\n<\/div>\n<\/div>    <\/div>\n<\/div>\n<!-- \/module text --><!-- module template_part -->\n<div  class=\"module module-layout-part tb_id6k548 \">\n    <div class=\"tb_layout_part_wrap tf_w\"><!--themify_builder_content-->\n    <div  class=\"themify_builder_content themify_builder_content-1603 themify_builder not_editable_builder in_the_loop\" data-postid=\"1603\">\n                        <div  data-lazy=\"1\" class=\"module_row themify_builder_row tb_aus1193 tf_w\">\n                        <div class=\"row_inner col_align_top tb_col_count_1 tf_box tf_rel\">\n                        <div  data-lazy=\"1\" class=\"module_column tb-column col-full tb_5u9m193 first\">\n                            <div  data-lazy=\"1\" class=\"module_subrow themify_builder_sub_row tf_w col_align_top tb_col_count_5 tb_3g3s193\">\n                <div  data-lazy=\"1\" class=\"module_column sub_column col5-1 tb_nn8v193 first\">\n                    <!-- module image -->\n<div  class=\"module module-image tb_70b9193 image-center   tf_mw tb_gs2713626\" data-lazy=\"1\">\n        <div class=\"image-wrap tf_rel tf_mw\">\n            <a href=\"\/de\/sektionen\/basel\/\">\n                   <img loading=\"lazy\" decoding=\"async\" src=\"https:\/\/shoms.ch\/wp-content\/uploads\/sites\/11\/2021\/07\/Basel_rund-80x80.png\" width=\"80\" height=\"80\" class=\"wp-post-image wp-image-901\" title=\"Basel\" alt=\"Basel\" srcset=\"https:\/\/shoms.ch\/wp-content\/uploads\/sites\/11\/2021\/07\/Basel_rund-80x80.png 80w, https:\/\/shoms.ch\/wp-content\/uploads\/sites\/11\/2021\/07\/Basel_rund-150x150.png 150w\" sizes=\"auto, (max-width: 80px) 100vw, 80px\" \/>        <\/a>\n    \n        <\/div>\n    <!-- \/image-wrap -->\n    \n        <div class=\"image-content\">\n                        <div class=\"image-caption tb_text_wrap\">\n            Basel        <\/div>\n        <!-- \/image-caption -->\n            <\/div>\n    <!-- \/image-content -->\n        <\/div>\n<!-- \/module image -->        <\/div>\n                    <div  data-lazy=\"1\" class=\"module_column sub_column col5-1 tb_vc8v193\">\n                    <!-- module image -->\n<div  class=\"module module-image tb_zbx3193 image-center   tf_mw tb_gs2713626\" data-lazy=\"1\">\n        <div class=\"image-wrap tf_rel tf_mw\">\n            <a href=\"\/de\/sektionen\/bern\/\">\n                   <img loading=\"lazy\" decoding=\"async\" src=\"https:\/\/shoms.ch\/wp-content\/uploads\/sites\/11\/2021\/07\/Bern_rund-80x80.png\" width=\"80\" height=\"80\" class=\"wp-post-image wp-image-902\" title=\"Bern\" alt=\"Bern\" srcset=\"https:\/\/shoms.ch\/wp-content\/uploads\/sites\/11\/2021\/07\/Bern_rund-80x80.png 80w, https:\/\/shoms.ch\/wp-content\/uploads\/sites\/11\/2021\/07\/Bern_rund-150x150.png 150w\" sizes=\"auto, (max-width: 80px) 100vw, 80px\" \/>        <\/a>\n    \n        <\/div>\n    <!-- \/image-wrap -->\n    \n        <div class=\"image-content\">\n                        <div class=\"image-caption tb_text_wrap\">\n            Bern        <\/div>\n        <!-- \/image-caption -->\n            <\/div>\n    <!-- \/image-content -->\n        <\/div>\n<!-- \/module image -->        <\/div>\n                    <div  data-lazy=\"1\" class=\"module_column sub_column col5-1 tb_8jkb193\">\n                    <!-- module image -->\n<div  class=\"module module-image tb_dv8r194 image-center   tf_mw tb_gs2713626\" data-lazy=\"1\">\n        <div class=\"image-wrap tf_rel tf_mw\">\n            <a href=\"\/de\/sektionen\/fribourg\/\">\n                   <img loading=\"lazy\" decoding=\"async\" src=\"https:\/\/shoms.ch\/wp-content\/uploads\/sites\/11\/2021\/07\/Fribourg_rund-80x80.png\" width=\"80\" height=\"80\" class=\"wp-post-image wp-image-903\" title=\"Fribourg\" alt=\"Fribourg\" srcset=\"https:\/\/shoms.ch\/wp-content\/uploads\/sites\/11\/2021\/07\/Fribourg_rund-80x80.png 80w, https:\/\/shoms.ch\/wp-content\/uploads\/sites\/11\/2021\/07\/Fribourg_rund-150x150.png 150w, https:\/\/shoms.ch\/wp-content\/uploads\/sites\/11\/2021\/07\/Fribourg_rund.png 168w\" sizes=\"auto, (max-width: 80px) 100vw, 80px\" \/>        <\/a>\n    \n        <\/div>\n    <!-- \/image-wrap -->\n    \n        <div class=\"image-content\">\n                        <div class=\"image-caption tb_text_wrap\">\n            Fribourg        <\/div>\n        <!-- \/image-caption -->\n            <\/div>\n    <!-- \/image-content -->\n        <\/div>\n<!-- \/module image -->        <\/div>\n                    <div  data-lazy=\"1\" class=\"module_column sub_column col5-1 tb_besn193\">\n                    <!-- module image -->\n<div  class=\"module module-image tb_bwvq681 image-center   tf_mw tb_gs2713626\" data-lazy=\"1\">\n        <div class=\"image-wrap tf_rel tf_mw\">\n            <a href=\"\/de\/sektionen\/geneve\/\">\n                   <img loading=\"lazy\" decoding=\"async\" src=\"https:\/\/shoms.ch\/wp-content\/uploads\/sites\/11\/2021\/07\/Geneve_rund-80x80.png\" width=\"80\" height=\"80\" class=\"wp-post-image wp-image-904\" title=\"Gen\u00e8ve\" alt=\"Genf\" srcset=\"https:\/\/shoms.ch\/wp-content\/uploads\/sites\/11\/2021\/07\/Geneve_rund-80x80.png 80w, https:\/\/shoms.ch\/wp-content\/uploads\/sites\/11\/2021\/07\/Geneve_rund-150x150.png 150w, https:\/\/shoms.ch\/wp-content\/uploads\/sites\/11\/2021\/07\/Geneve_rund.png 176w\" sizes=\"auto, (max-width: 80px) 100vw, 80px\" \/>        <\/a>\n    \n        <\/div>\n    <!-- \/image-wrap -->\n    \n        <div class=\"image-content\">\n                        <div class=\"image-caption tb_text_wrap\">\n            Genf        <\/div>\n        <!-- \/image-caption -->\n            <\/div>\n    <!-- \/image-content -->\n        <\/div>\n<!-- \/module image -->        <\/div>\n                    <div  data-lazy=\"1\" class=\"module_column sub_column col5-1 tb_3cq3194 last\">\n                    <!-- module image -->\n<div  class=\"module module-image tb_ka1d194 image-center   tf_mw tb_gs2713626\" data-lazy=\"1\">\n        <div class=\"image-wrap tf_rel tf_mw\">\n            <a href=\"\/de\/sektionen\/lausanne\/\">\n                   <img loading=\"lazy\" decoding=\"async\" src=\"https:\/\/shoms.ch\/wp-content\/uploads\/sites\/11\/2021\/09\/lausanne-80x80.jpg\" width=\"80\" height=\"80\" class=\"wp-post-image wp-image-1131\" title=\"Lausanne\" alt=\"Lausanne\" srcset=\"https:\/\/shoms.ch\/wp-content\/uploads\/sites\/11\/2021\/09\/lausanne-80x80.jpg 80w, https:\/\/shoms.ch\/wp-content\/uploads\/sites\/11\/2021\/09\/lausanne-150x150.jpg 150w, https:\/\/shoms.ch\/wp-content\/uploads\/sites\/11\/2021\/09\/lausanne-100x100.jpg 100w\" sizes=\"auto, (max-width: 80px) 100vw, 80px\" \/>        <\/a>\n    \n        <\/div>\n    <!-- \/image-wrap -->\n    \n        <div class=\"image-content\">\n                        <div class=\"image-caption tb_text_wrap\">\n            Lausanne        <\/div>\n        <!-- \/image-caption -->\n            <\/div>\n    <!-- \/image-content -->\n        <\/div>\n<!-- \/module image -->        <\/div>\n                    <\/div>\n        <!-- module divider -->\n<div  class=\"module tf_mw module-divider tb_exsg676 solid   \" style=\"border-width: 5px;border-color: rgba(0,0,0, 0.00);\" data-lazy=\"1\">\n    <\/div>\n<!-- \/module divider -->\n        <div  data-lazy=\"1\" class=\"module_subrow themify_builder_sub_row tf_w col_align_top tb_col_count_5 tb_eccj194\">\n                <div  data-lazy=\"1\" class=\"module_column sub_column col5-1 tb_z1g3194 first\">\n                    <!-- module image -->\n<div  class=\"module module-image tb_t1ip194 image-center   tf_mw tb_gs2713626\" data-lazy=\"1\">\n        <div class=\"image-wrap tf_rel tf_mw\">\n            <a href=\"\/de\/sektionen\/neuchatel\/\">\n                   <img loading=\"lazy\" decoding=\"async\" src=\"https:\/\/shoms.ch\/wp-content\/uploads\/sites\/11\/2021\/09\/Neuchatel-80x80.jpg\" width=\"80\" height=\"80\" class=\"wp-post-image wp-image-1130\" title=\"Neuchatel\" alt=\"Neuchatel\" srcset=\"https:\/\/shoms.ch\/wp-content\/uploads\/sites\/11\/2021\/09\/Neuchatel-80x80.jpg 80w, https:\/\/shoms.ch\/wp-content\/uploads\/sites\/11\/2021\/09\/Neuchatel-150x150.jpg 150w, https:\/\/shoms.ch\/wp-content\/uploads\/sites\/11\/2021\/09\/Neuchatel-100x100.jpg 100w\" sizes=\"auto, (max-width: 80px) 100vw, 80px\" \/>        <\/a>\n    \n        <\/div>\n    <!-- \/image-wrap -->\n    \n        <div class=\"image-content\">\n                        <div class=\"image-caption tb_text_wrap\">\n            Neuchatel        <\/div>\n        <!-- \/image-caption -->\n            <\/div>\n    <!-- \/image-content -->\n        <\/div>\n<!-- \/module image -->        <\/div>\n                    <div  data-lazy=\"1\" class=\"module_column sub_column col5-1 tb_p270194\">\n                    <!-- module image -->\n<div  class=\"module module-image tb_sho0194 image-center   tf_mw tb_gs2713626\" data-lazy=\"1\">\n        <div class=\"image-wrap tf_rel tf_mw\">\n            <a href=\"\/de\/sektionen\/ostschweiz-liechtenstein\/\">\n                   <img loading=\"lazy\" decoding=\"async\" src=\"https:\/\/shoms.ch\/wp-content\/uploads\/sites\/11\/2021\/09\/Ostschweiz-80x80.jpg\" width=\"80\" height=\"80\" class=\"wp-post-image wp-image-1129\" title=\"Ostschweiz\" alt=\"Ostschweiz Liechtenstein\" srcset=\"https:\/\/shoms.ch\/wp-content\/uploads\/sites\/11\/2021\/09\/Ostschweiz-80x80.jpg 80w, https:\/\/shoms.ch\/wp-content\/uploads\/sites\/11\/2021\/09\/Ostschweiz-150x150.jpg 150w, https:\/\/shoms.ch\/wp-content\/uploads\/sites\/11\/2021\/09\/Ostschweiz-100x100.jpg 100w\" sizes=\"auto, (max-width: 80px) 100vw, 80px\" \/>        <\/a>\n    \n        <\/div>\n    <!-- \/image-wrap -->\n    \n        <div class=\"image-content\">\n                        <div class=\"image-caption tb_text_wrap\">\n            Ostschweiz Liechtenstein        <\/div>\n        <!-- \/image-caption -->\n            <\/div>\n    <!-- \/image-content -->\n        <\/div>\n<!-- \/module image -->        <\/div>\n                    <div  data-lazy=\"1\" class=\"module_column sub_column col5-1 tb_bwep194\">\n                    <!-- module image -->\n<div  class=\"module module-image tb_goew194 image-center   tf_mw tb_gs2713626\" data-lazy=\"1\">\n        <div class=\"image-wrap tf_rel tf_mw\">\n            <a href=\"\/de\/sektionen\/solothurn\/\">\n                   <img loading=\"lazy\" decoding=\"async\" src=\"https:\/\/shoms.ch\/wp-content\/uploads\/sites\/11\/2021\/09\/solothurn-80x80.jpg\" width=\"80\" height=\"80\" class=\"wp-post-image wp-image-1128\" title=\"Solothurn\" alt=\"Solothurn\" srcset=\"https:\/\/shoms.ch\/wp-content\/uploads\/sites\/11\/2021\/09\/solothurn-80x80.jpg 80w, https:\/\/shoms.ch\/wp-content\/uploads\/sites\/11\/2021\/09\/solothurn-150x150.jpg 150w, https:\/\/shoms.ch\/wp-content\/uploads\/sites\/11\/2021\/09\/solothurn-100x100.jpg 100w\" sizes=\"auto, (max-width: 80px) 100vw, 80px\" \/>        <\/a>\n    \n        <\/div>\n    <!-- \/image-wrap -->\n    \n        <div class=\"image-content\">\n                        <div class=\"image-caption tb_text_wrap\">\n            Solothurn        <\/div>\n        <!-- \/image-caption -->\n            <\/div>\n    <!-- \/image-content -->\n        <\/div>\n<!-- \/module image -->        <\/div>\n                    <div  data-lazy=\"1\" class=\"module_column sub_column col5-1 tb_r7lu194\">\n                    <!-- module image -->\n<div  class=\"module module-image tb_8qua194 image-center   tf_mw tb_gs2713626\" data-lazy=\"1\">\n        <div class=\"image-wrap tf_rel tf_mw\">\n            <a href=\"\/de\/sektionen\/ticino\/\">\n                   <img loading=\"lazy\" decoding=\"async\" src=\"https:\/\/shoms.ch\/wp-content\/uploads\/sites\/11\/2021\/09\/Ticino-80x80.jpg\" width=\"80\" height=\"80\" class=\"wp-post-image wp-image-1127\" title=\"Ticino\" alt=\"Tessin\" srcset=\"https:\/\/shoms.ch\/wp-content\/uploads\/sites\/11\/2021\/09\/Ticino-80x80.jpg 80w, https:\/\/shoms.ch\/wp-content\/uploads\/sites\/11\/2021\/09\/Ticino-150x150.jpg 150w, https:\/\/shoms.ch\/wp-content\/uploads\/sites\/11\/2021\/09\/Ticino-100x100.jpg 100w\" sizes=\"auto, (max-width: 80px) 100vw, 80px\" \/>        <\/a>\n    \n        <\/div>\n    <!-- \/image-wrap -->\n    \n        <div class=\"image-content\">\n                        <div class=\"image-caption tb_text_wrap\">\n            Tessin        <\/div>\n        <!-- \/image-caption -->\n            <\/div>\n    <!-- \/image-content -->\n        <\/div>\n<!-- \/module image -->        <\/div>\n                    <div  data-lazy=\"1\" class=\"module_column sub_column col5-1 tb_b1aq194 last\">\n                    <!-- module image -->\n<div  class=\"module module-image tb_h048194 image-center   tf_mw tb_gs2713626\" data-lazy=\"1\">\n        <div class=\"image-wrap tf_rel tf_mw\">\n            <a href=\"\/de\/sektionen\/valais\/\">\n                   <img loading=\"lazy\" decoding=\"async\" src=\"https:\/\/shoms.ch\/wp-content\/uploads\/sites\/11\/2021\/09\/Valais-80x80.jpg\" width=\"80\" height=\"80\" class=\"wp-post-image wp-image-1126\" title=\"Valais\" alt=\"Wallis\" srcset=\"https:\/\/shoms.ch\/wp-content\/uploads\/sites\/11\/2021\/09\/Valais-80x80.jpg 80w, https:\/\/shoms.ch\/wp-content\/uploads\/sites\/11\/2021\/09\/Valais-150x150.jpg 150w, https:\/\/shoms.ch\/wp-content\/uploads\/sites\/11\/2021\/09\/Valais-100x100.jpg 100w\" sizes=\"auto, (max-width: 80px) 100vw, 80px\" \/>        <\/a>\n    \n        <\/div>\n    <!-- \/image-wrap -->\n    \n        <div class=\"image-content\">\n                        <div class=\"image-caption tb_text_wrap\">\n            Wallis        <\/div>\n        <!-- \/image-caption -->\n            <\/div>\n    <!-- \/image-content -->\n        <\/div>\n<!-- \/module image -->        <\/div>\n                    <\/div>\n        <!-- module divider -->\n<div  class=\"module tf_mw module-divider tb_o0py82 solid   \" style=\"border-width: 5px;border-color: rgba(0,0,0, 0.00);\" data-lazy=\"1\">\n    <\/div>\n<!-- \/module divider -->\n        <div  data-lazy=\"1\" class=\"module_subrow themify_builder_sub_row tf_w col_align_top tb_col_count_5 tb_02v7194\">\n                <div  data-lazy=\"1\" class=\"module_column sub_column col5-1 tb_tanf194 first\">\n                            <\/div>\n                    <div  data-lazy=\"1\" class=\"module_column sub_column col5-1 tb_4bvx194\">\n                    <!-- module image -->\n<div  class=\"module module-image tb_4zcw194 image-center   tf_mw tb_gs2713626\" data-lazy=\"1\">\n        <div class=\"image-wrap tf_rel tf_mw\">\n            <a href=\"\/de\/sektionen\/zentralschweiz\/\">\n                   <img loading=\"lazy\" decoding=\"async\" src=\"https:\/\/shoms.ch\/wp-content\/uploads\/sites\/11\/2021\/09\/Zentralschweiz-80x80.jpg\" width=\"80\" height=\"80\" class=\"wp-post-image wp-image-1125\" title=\"Zentralschweiz\" alt=\"Zentralschweiz\" srcset=\"https:\/\/shoms.ch\/wp-content\/uploads\/sites\/11\/2021\/09\/Zentralschweiz-80x80.jpg 80w, https:\/\/shoms.ch\/wp-content\/uploads\/sites\/11\/2021\/09\/Zentralschweiz-150x150.jpg 150w, https:\/\/shoms.ch\/wp-content\/uploads\/sites\/11\/2021\/09\/Zentralschweiz-100x100.jpg 100w\" sizes=\"auto, (max-width: 80px) 100vw, 80px\" \/>        <\/a>\n    \n        <\/div>\n    <!-- \/image-wrap -->\n    \n        <div class=\"image-content\">\n                        <div class=\"image-caption tb_text_wrap\">\n            Zentralschweiz        <\/div>\n        <!-- \/image-caption -->\n            <\/div>\n    <!-- \/image-content -->\n        <\/div>\n<!-- \/module image -->        <\/div>\n                    <div  data-lazy=\"1\" class=\"module_column sub_column col5-1 tb_hc1t194\">\n                    <!-- module image -->\n<div  class=\"module module-image tb_4bzi194 image-center   tf_mw tb_gs2713626\" data-lazy=\"1\">\n        <div class=\"image-wrap tf_rel tf_mw\">\n            <a href=\"\/de\/sektionen\/zuerich\/\">\n                   <img loading=\"lazy\" decoding=\"async\" src=\"https:\/\/shoms.ch\/wp-content\/uploads\/sites\/11\/2021\/09\/Zuerich-80x80.jpg\" width=\"80\" height=\"80\" class=\"wp-post-image wp-image-1124\" title=\"Z\u00fcrich\" alt=\"Z\u00fcrich\" srcset=\"https:\/\/shoms.ch\/wp-content\/uploads\/sites\/11\/2021\/09\/Zuerich-80x80.jpg 80w, https:\/\/shoms.ch\/wp-content\/uploads\/sites\/11\/2021\/09\/Zuerich-150x150.jpg 150w, https:\/\/shoms.ch\/wp-content\/uploads\/sites\/11\/2021\/09\/Zuerich-100x100.jpg 100w\" sizes=\"auto, (max-width: 80px) 100vw, 80px\" \/>        <\/a>\n    \n        <\/div>\n    <!-- \/image-wrap -->\n    \n        <div class=\"image-content\">\n                        <div class=\"image-caption tb_text_wrap\">\n            Z\u00fcrich        <\/div>\n        <!-- \/image-caption -->\n            <\/div>\n    <!-- \/image-content -->\n        <\/div>\n<!-- \/module image -->        <\/div>\n                    <div  data-lazy=\"1\" class=\"module_column sub_column col5-1 tb_28g0194\">\n                    <!-- module image -->\n<div  class=\"module module-image tb_yy1c194 image-center   tf_mw tb_gs2713626\" data-lazy=\"1\">\n        <div class=\"image-wrap tf_rel tf_mw\">\n            <a href=\"\/de\/sektionen\/malteser-pfadfinder-schweiz-ems\/\">\n                   <img loading=\"lazy\" decoding=\"async\" src=\"https:\/\/shoms.ch\/wp-content\/uploads\/sites\/11\/2021\/09\/EMS-80x80.jpg\" width=\"80\" height=\"80\" class=\"wp-post-image wp-image-1123\" title=\"EMS\" alt=\"Ems\" srcset=\"https:\/\/shoms.ch\/wp-content\/uploads\/sites\/11\/2021\/09\/EMS-80x80.jpg 80w, https:\/\/shoms.ch\/wp-content\/uploads\/sites\/11\/2021\/09\/EMS-150x150.jpg 150w, https:\/\/shoms.ch\/wp-content\/uploads\/sites\/11\/2021\/09\/EMS-100x100.jpg 100w, https:\/\/shoms.ch\/wp-content\/uploads\/sites\/11\/2021\/09\/EMS.jpg 194w\" sizes=\"auto, (max-width: 80px) 100vw, 80px\" \/>        <\/a>\n    \n        <\/div>\n    <!-- \/image-wrap -->\n    \n        <div class=\"image-content\">\n                        <div class=\"image-caption tb_text_wrap\">\n            Ems        <\/div>\n        <!-- \/image-caption -->\n            <\/div>\n    <!-- \/image-content -->\n        <\/div>\n<!-- \/module image -->        <\/div>\n                    <div  data-lazy=\"1\" class=\"module_column sub_column col5-1 tb_vf3x194 last\">\n                            <\/div>\n                    <\/div>\n                <\/div>\n                        <\/div>\n        <\/div>\n            <\/div>\n<!--\/themify_builder_content--><\/div>\n<\/div>\n<!-- \/module template_part -->        <\/div>\n                        <\/div>\n        <\/div>\n        <\/div>\n<!--\/themify_builder_content-->","protected":false},"excerpt":{"rendered":"<p>Basel Bern Fribourg Genf Lausanne Neuchatel Ostschweiz Liechtenstein Solothurn Tessin Wallis Zentralschweiz Z\u00fcrich Ems Im Sinn und Geiste des Ordens wollen die Mitglieder des MHDS der Mission \u201cObsequium pauperum\u201d nachleben, d.h. als Christen in ihrem Umfeld ehrenamtlich Benachteiligte, Kranke und Behinderte begleiten und unterst\u00fctzen. In den\u00a0regionalen Sektionen\u00a0laufen viele Projekte, in denen Mitglieder und Helfer des [&hellip;]<\/p>\n","protected":false},"author":16,"featured_media":0,"parent":0,"menu_order":0,"comment_status":"closed","ping_status":"closed","template":"","meta":{"inline_featured_image":false,"footnotes":""},"class_list":["post-520","page","type-page","status-publish","hentry","has-post-title","has-post-date","has-post-category","has-post-tag","has-post-comment","has-post-author",""],"yoast_head":"<!-- This site is optimized with the Yoast SEO plugin v27.5 - https:\/\/yoast.com\/product\/yoast-seo-wordpress\/ -->\n<title>Sektionen - Shoms.ch<\/title>\n<meta name=\"robots\" content=\"index, follow, max-snippet:-1, max-image-preview:large, max-video-preview:-1\" \/>\n<link rel=\"canonical\" href=\"https:\/\/shoms.ch\/de\/sektionen\/\" \/>\n<meta property=\"og:locale\" content=\"de_DE\" \/>\n<meta property=\"og:type\" content=\"article\" \/>\n<meta property=\"og:title\" content=\"Sektionen - Shoms.ch\" \/>\n<meta property=\"og:description\" content=\"Basel Bern Fribourg Genf Lausanne Neuchatel Ostschweiz Liechtenstein Solothurn Tessin Wallis Zentralschweiz Z\u00fcrich Ems Im Sinn und Geiste des Ordens wollen die Mitglieder des MHDS der Mission \u201cObsequium pauperum\u201d nachleben, d.h. als Christen in ihrem Umfeld ehrenamtlich Benachteiligte, Kranke und Behinderte begleiten und unterst\u00fctzen. In den\u00a0regionalen Sektionen\u00a0laufen viele Projekte, in denen Mitglieder und Helfer des [&hellip;]\" \/>\n<meta property=\"og:url\" content=\"https:\/\/shoms.ch\/de\/sektionen\/\" \/>\n<meta property=\"og:site_name\" content=\"Shoms.ch\" \/>\n<meta property=\"article:modified_time\" content=\"2025-03-11T10:34:11+00:00\" \/>\n<meta property=\"og:image\" content=\"https:\/\/shoms.ch\/wp-content\/uploads\/sites\/11\/2022\/04\/13-sektion-basel-80x80.png\" \/>\n<meta name=\"twitter:card\" content=\"summary_large_image\" \/>\n<script type=\"application\/ld+json\" class=\"yoast-schema-graph\">{\"@context\":\"https:\\\/\\\/schema.org\",\"@graph\":[{\"@type\":\"WebPage\",\"@id\":\"https:\\\/\\\/shoms.ch\\\/de\\\/sektionen\\\/\",\"url\":\"https:\\\/\\\/shoms.ch\\\/de\\\/sektionen\\\/\",\"name\":\"Sektionen - Shoms.ch\",\"isPartOf\":{\"@id\":\"https:\\\/\\\/shoms.ch\\\/it\\\/#website\"},\"primaryImageOfPage\":{\"@id\":\"https:\\\/\\\/shoms.ch\\\/de\\\/sektionen\\\/#primaryimage\"},\"image\":{\"@id\":\"https:\\\/\\\/shoms.ch\\\/de\\\/sektionen\\\/#primaryimage\"},\"thumbnailUrl\":\"https:\\\/\\\/shoms.ch\\\/wp-content\\\/uploads\\\/sites\\\/11\\\/2022\\\/04\\\/13-sektion-basel-80x80.png\",\"datePublished\":\"2021-06-29T11:42:44+00:00\",\"dateModified\":\"2025-03-11T10:34:11+00:00\",\"breadcrumb\":{\"@id\":\"https:\\\/\\\/shoms.ch\\\/de\\\/sektionen\\\/#breadcrumb\"},\"inLanguage\":\"de\",\"potentialAction\":[{\"@type\":\"ReadAction\",\"target\":[\"https:\\\/\\\/shoms.ch\\\/de\\\/sektionen\\\/\"]}]},{\"@type\":\"ImageObject\",\"inLanguage\":\"de\",\"@id\":\"https:\\\/\\\/shoms.ch\\\/de\\\/sektionen\\\/#primaryimage\",\"url\":\"https:\\\/\\\/shoms.ch\\\/wp-content\\\/uploads\\\/sites\\\/11\\\/2022\\\/04\\\/13-sektion-basel-80x80.png\",\"contentUrl\":\"https:\\\/\\\/shoms.ch\\\/wp-content\\\/uploads\\\/sites\\\/11\\\/2022\\\/04\\\/13-sektion-basel-80x80.png\"},{\"@type\":\"BreadcrumbList\",\"@id\":\"https:\\\/\\\/shoms.ch\\\/de\\\/sektionen\\\/#breadcrumb\",\"itemListElement\":[{\"@type\":\"ListItem\",\"position\":1,\"name\":\"Startseite\",\"item\":\"https:\\\/\\\/shoms.ch\\\/de\\\/\"},{\"@type\":\"ListItem\",\"position\":2,\"name\":\"Sektionen\"}]},{\"@type\":\"WebSite\",\"@id\":\"https:\\\/\\\/shoms.ch\\\/it\\\/#website\",\"url\":\"https:\\\/\\\/shoms.ch\\\/it\\\/\",\"name\":\"Shoms.ch\",\"description\":\"MALTESER HOSPITALDIENST SCHWEIZ (MHDS)\",\"potentialAction\":[{\"@type\":\"SearchAction\",\"target\":{\"@type\":\"EntryPoint\",\"urlTemplate\":\"https:\\\/\\\/shoms.ch\\\/it\\\/?s={search_term_string}\"},\"query-input\":{\"@type\":\"PropertyValueSpecification\",\"valueRequired\":true,\"valueName\":\"search_term_string\"}}],\"inLanguage\":\"de\"}]}<\/script>\n<!-- \/ Yoast SEO plugin. -->","yoast_head_json":{"title":"Sektionen - Shoms.ch","robots":{"index":"index","follow":"follow","max-snippet":"max-snippet:-1","max-image-preview":"max-image-preview:large","max-video-preview":"max-video-preview:-1"},"canonical":"https:\/\/shoms.ch\/de\/sektionen\/","og_locale":"de_DE","og_type":"article","og_title":"Sektionen - Shoms.ch","og_description":"Basel Bern Fribourg Genf Lausanne Neuchatel Ostschweiz Liechtenstein Solothurn Tessin Wallis Zentralschweiz Z\u00fcrich Ems Im Sinn und Geiste des Ordens wollen die Mitglieder des MHDS der Mission \u201cObsequium pauperum\u201d nachleben, d.h. als Christen in ihrem Umfeld ehrenamtlich Benachteiligte, Kranke und Behinderte begleiten und unterst\u00fctzen. In den\u00a0regionalen Sektionen\u00a0laufen viele Projekte, in denen Mitglieder und Helfer des [&hellip;]","og_url":"https:\/\/shoms.ch\/de\/sektionen\/","og_site_name":"Shoms.ch","article_modified_time":"2025-03-11T10:34:11+00:00","og_image":[{"url":"https:\/\/shoms.ch\/wp-content\/uploads\/sites\/11\/2022\/04\/13-sektion-basel-80x80.png","type":"","width":"","height":""}],"twitter_card":"summary_large_image","schema":{"@context":"https:\/\/schema.org","@graph":[{"@type":"WebPage","@id":"https:\/\/shoms.ch\/de\/sektionen\/","url":"https:\/\/shoms.ch\/de\/sektionen\/","name":"Sektionen - Shoms.ch","isPartOf":{"@id":"https:\/\/shoms.ch\/it\/#website"},"primaryImageOfPage":{"@id":"https:\/\/shoms.ch\/de\/sektionen\/#primaryimage"},"image":{"@id":"https:\/\/shoms.ch\/de\/sektionen\/#primaryimage"},"thumbnailUrl":"https:\/\/shoms.ch\/wp-content\/uploads\/sites\/11\/2022\/04\/13-sektion-basel-80x80.png","datePublished":"2021-06-29T11:42:44+00:00","dateModified":"2025-03-11T10:34:11+00:00","breadcrumb":{"@id":"https:\/\/shoms.ch\/de\/sektionen\/#breadcrumb"},"inLanguage":"de","potentialAction":[{"@type":"ReadAction","target":["https:\/\/shoms.ch\/de\/sektionen\/"]}]},{"@type":"ImageObject","inLanguage":"de","@id":"https:\/\/shoms.ch\/de\/sektionen\/#primaryimage","url":"https:\/\/shoms.ch\/wp-content\/uploads\/sites\/11\/2022\/04\/13-sektion-basel-80x80.png","contentUrl":"https:\/\/shoms.ch\/wp-content\/uploads\/sites\/11\/2022\/04\/13-sektion-basel-80x80.png"},{"@type":"BreadcrumbList","@id":"https:\/\/shoms.ch\/de\/sektionen\/#breadcrumb","itemListElement":[{"@type":"ListItem","position":1,"name":"Startseite","item":"https:\/\/shoms.ch\/de\/"},{"@type":"ListItem","position":2,"name":"Sektionen"}]},{"@type":"WebSite","@id":"https:\/\/shoms.ch\/it\/#website","url":"https:\/\/shoms.ch\/it\/","name":"Shoms.ch","description":"MALTESER HOSPITALDIENST SCHWEIZ (MHDS)","potentialAction":[{"@type":"SearchAction","target":{"@type":"EntryPoint","urlTemplate":"https:\/\/shoms.ch\/it\/?s={search_term_string}"},"query-input":{"@type":"PropertyValueSpecification","valueRequired":true,"valueName":"search_term_string"}}],"inLanguage":"de"}]}},"builder_content":"<article id=\"node-14\">\n<article> <p>Im Geiste des Ordens wollen die Mitglieder der SHOMS den Auftrag \u201eObsequium pauperum\u201c leben, d.h. als Christinnen und Christen benachteiligte, kranke und behinderte Menschen in ihrem Umfeld ehrenamtlich begleiten und unterst\u00fctzen.<\/p> <\/article> <article> <p>In der ganzen Schweiz engagieren sich unsere Sektionen im Dienste verschiedener Aktivit\u00e4ten, wie z.B. :<\/p> <ul> <li>Begleitung, Besuche und Dienste f\u00fcr \u00e4ltere, kranke und behinderte Menschen.<\/li> <li>Seelsorge in Institutionen, Krankenh\u00e4usern und auf der Stra\u00dfe.<\/li> <li>Verteilung von Lebensmitteln, Betreuung von Obdachlosen und Fl\u00fcchtlingen.<\/li> <li>Aktivit\u00e4ten f\u00fcr Kranke, Alte, Menschen auf der Stra\u00dfe und Bed\u00fcrftige.<\/li> <\/ul> <p>Erfahren Sie mehr \u00fcber unsere Sektionen und ihre Aktivit\u00e4ten :<\/p> <\/article> <article> <p>\u00a0<\/p> <\/article>\n<\/article>","_links":{"self":[{"href":"https:\/\/shoms.ch\/de\/wp-json\/wp\/v2\/pages\/520","targetHints":{"allow":["GET"]}}],"collection":[{"href":"https:\/\/shoms.ch\/de\/wp-json\/wp\/v2\/pages"}],"about":[{"href":"https:\/\/shoms.ch\/de\/wp-json\/wp\/v2\/types\/page"}],"author":[{"embeddable":true,"href":"https:\/\/shoms.ch\/de\/wp-json\/wp\/v2\/users\/16"}],"replies":[{"embeddable":true,"href":"https:\/\/shoms.ch\/de\/wp-json\/wp\/v2\/comments?post=520"}],"version-history":[{"count":18,"href":"https:\/\/shoms.ch\/de\/wp-json\/wp\/v2\/pages\/520\/revisions"}],"predecessor-version":[{"id":4265,"href":"https:\/\/shoms.ch\/de\/wp-json\/wp\/v2\/pages\/520\/revisions\/4265"}],"wp:attachment":[{"href":"https:\/\/shoms.ch\/de\/wp-json\/wp\/v2\/media?parent=520"}],"curies":[{"name":"wp","href":"https:\/\/api.w.org\/{rel}","templated":true}]}}